{"id":93,"date":"2018-02-19T16:48:32","date_gmt":"2018-02-19T15:48:32","guid":{"rendered":"http:\/\/www.feuerwehr-riedrode.de\/wordpress\/?page_id=93"},"modified":"2025-02-28T09:04:50","modified_gmt":"2025-02-28T08:04:50","slug":"unsere-abteilungen","status":"publish","type":"page","link":"https:\/\/www.feuerwehr-riedrode.de\/wordpress\/unsere-abteilungen\/","title":{"rendered":"Abteilungen"},"content":{"rendered":"<div class=\"vce-row-container\" data-vce-boxed-width=\"true\"><div class=\"vce-row vce-row--col-gap-30 vce-row-equal-height vce-row-content--top\" id=\"el-9bc52694\" data-vce-do-apply=\"all el-9bc52694\"><div class=\"vce-row-content\" data-vce-element-content=\"true\"><div class=\"vce-col vce-col--md-50p vce-col--xs-1 vce-col--xs-last vce-col--xs-first vce-col--sm-last vce-col--sm-first vce-col--md-first vce-col--lg-first vce-col--xl-first\" id=\"el-cc9e55e1\"><div class=\"vce-col-inner\" data-vce-do-apply=\"border margin background  el-cc9e55e1\"><div class=\"vce-col-content\" data-vce-element-content=\"true\" data-vce-do-apply=\"padding el-cc9e55e1\"><div class=\"vce-single-image-container vce-single-image--align-center\"><div class=\"vce vce-single-image-wrapper\" id=\"el-d8ceca20\" data-vce-do-apply=\"all el-d8ceca20\"><figure><div class=\"vce-single-image-figure-inner\" style=\"width: 125px;\"><div class=\"vce-single-image-inner vce-single-image--absolute\" style=\"width: 100%; padding-bottom: 100%;\"><img loading=\"lazy\" decoding=\"async\" class=\"vce-single-image\"  width=\"125\" height=\"125\" srcset=\"https:\/\/www.feuerwehr-riedrode.de\/wordpress\/wp-content\/uploads\/2025\/02\/Einsatzabteilung-Helmwappen-125x125.png 125w\" src=\"https:\/\/www.feuerwehr-riedrode.de\/wordpress\/wp-content\/uploads\/2025\/02\/Einsatzabteilung-Helmwappen-125x125.png\" data-img-src=\"https:\/\/www.feuerwehr-riedrode.de\/wordpress\/wp-content\/uploads\/2025\/02\/Einsatzabteilung-Helmwappen.png\" data-attachment-id=\"1103\"  alt=\"\" title=\"Einsatzabteilung Helmwappen\" \/><\/div><\/div><figcaption hidden=\"\"><\/figcaption><\/figure><\/div><\/div><\/div><\/div><\/div><div class=\"vce-col vce-col--md-50p vce-col--xs-1 vce-col--xs-last vce-col--xs-first vce-col--sm-last vce-col--sm-first vce-col--md-last vce-col--lg-last vce-col--xl-last\" id=\"el-c4937e0a\"><div class=\"vce-col-inner\" data-vce-do-apply=\"border margin background  el-c4937e0a\"><div class=\"vce-col-content\" data-vce-element-content=\"true\" data-vce-do-apply=\"padding el-c4937e0a\"><div class=\"vce-text-block\"><div class=\"vce-text-block-wrapper vce\" id=\"el-a2554557\" data-vce-do-apply=\"all el-a2554557\"><p>Die <a href=\"mannschaft\/\">Einsatzabteilung<\/a> trifft sich immer Montags um 19:45 Uhr zum \u00dcbungsbetrieb.<\/p>\n<p>Weiter zum Dienstplan unter <a href=\"..\/downloads\/\">Downloads<\/a>.<\/p><\/div><\/div><\/div><\/div><\/div><div class=\"vce-col vce-col--md-auto vce-col--xs-1 vce-col--xs-last vce-col--xs-first vce-col--sm-last vce-col--sm-first vce-col--md-last vce-col--lg-last vce-col--xl-last vce-col--md-first vce-col--lg-first vce-col--xl-first\" id=\"el-579b80c5\"><div class=\"vce-col-inner\" data-vce-do-apply=\"border margin background  el-579b80c5\"><div class=\"vce-col-content\" data-vce-element-content=\"true\" data-vce-do-apply=\"padding el-579b80c5\"><div class=\"vce vce-separator-container vce-separator--align-right vce-separator--style-solid\" id=\"el-7897a1dc\" data-vce-do-apply=\"margin el-7897a1dc\"><div class=\"vce-separator vce-separator--color-bfc0c1 vce-separator--width-90 vce-separator--thickness-1\" data-vce-do-apply=\"border padding background  el-7897a1dc\"><\/div><\/div><\/div><\/div><\/div><\/div><\/div><\/div><div class=\"vce-row-container\" data-vce-boxed-width=\"true\"><div class=\"vce-row vce-row--col-gap-30 vce-row-equal-height vce-row-content--top\" id=\"el-ed1f9c5d\" data-vce-do-apply=\"all el-ed1f9c5d\"><div class=\"vce-content-background-container\"><\/div><div class=\"vce-row-content\" data-vce-element-content=\"true\"><div class=\"vce-col vce-col--md-50p vce-col--xs-1 vce-col--xs-last vce-col--xs-first vce-col--sm-last vce-col--sm-first vce-col--md-first vce-col--lg-first vce-col--xl-first\" id=\"el-351417f2\"><div class=\"vce-col-inner\" data-vce-do-apply=\"border margin background  el-351417f2\"><div class=\"vce-col-content\" data-vce-element-content=\"true\" data-vce-do-apply=\"padding el-351417f2\"><div class=\"vce-single-image-container vce-single-image--align-center\"><div class=\"vce vce-single-image-wrapper\" id=\"el-af6fd398\" data-vce-do-apply=\"all el-af6fd398\"><figure><div class=\"vce-single-image-figure-inner\" style=\"width: 150px;\"><div class=\"vce-single-image-inner vce-single-image--absolute\" style=\"width: 100%; padding-bottom: 83.3333%;\"><img loading=\"lazy\" decoding=\"async\" class=\"vce-single-image\"  width=\"150\" height=\"125\" srcset=\"https:\/\/www.feuerwehr-riedrode.de\/wordpress\/wp-content\/uploads\/2023\/01\/Jugendfeuerwehr-Riedrode-Logo-300x212.jpg 2x, https:\/\/www.feuerwehr-riedrode.de\/wordpress\/wp-content\/uploads\/2023\/01\/Jugendfeuerwehr-Riedrode-Logo-150x150.jpg 150w, https:\/\/www.feuerwehr-riedrode.de\/wordpress\/wp-content\/uploads\/2023\/01\/Jugendfeuerwehr-Riedrode-Logo-320x226.jpg 320w, https:\/\/www.feuerwehr-riedrode.de\/wordpress\/wp-content\/uploads\/2023\/01\/Jugendfeuerwehr-Riedrode-Logo-480x339.jpg 480w, https:\/\/www.feuerwehr-riedrode.de\/wordpress\/wp-content\/uploads\/2023\/01\/Jugendfeuerwehr-Riedrode-Logo-800x566.jpg 800w\" src=\"https:\/\/www.feuerwehr-riedrode.de\/wordpress\/wp-content\/uploads\/2023\/01\/Jugendfeuerwehr-Riedrode-Logo-150x150.jpg\" data-img-src=\"https:\/\/www.feuerwehr-riedrode.de\/wordpress\/wp-content\/uploads\/2023\/01\/Jugendfeuerwehr-Riedrode-Logo.jpg\" data-attachment-id=\"909\"  alt=\"\" title=\"Jugendfeuerwehr Riedrode Logo\" \/><\/div><\/div><figcaption hidden=\"\"><\/figcaption><\/figure><\/div><\/div><\/div><\/div><\/div><div class=\"vce-col vce-col--md-50p vce-col--xs-1 vce-col--xs-last vce-col--xs-first vce-col--sm-last vce-col--sm-first vce-col--md-last vce-col--lg-last vce-col--xl-last\" id=\"el-779d8bf2\"><div class=\"vce-col-inner\" data-vce-do-apply=\"border margin background  el-779d8bf2\"><div class=\"vce-col-content\" data-vce-element-content=\"true\" data-vce-do-apply=\"padding el-779d8bf2\"><div class=\"vce-text-block\"><div class=\"vce-text-block-wrapper vce\" id=\"el-a08ae7fc\" data-vce-do-apply=\"all el-a08ae7fc\"><div><noscript><style>.vce-row-container .vcv-lozad {display: none}<\/style><\/noscript><\/div>\n<div>\n<p>Die <a href=\"jugendfeuerwehr\/\">Jugendfeuerwehr<\/a> trifft sich regelm\u00e4\u00dfig Mittwochs um 18:45 Uhr.<\/p>\n<p>Weiter zum Dienstplan unter <a href=\"..\/downloads\/\">Downloads<\/a>.<\/p>\n<\/div>\n<div><!-- [if lte IE 11]>\n<script src='https:\/\/www.feuerwehr-riedrode.de\/wordpress\/wp-content\/themes\/generatepress\/assets\/js\/classList.min.js?ver=3.2.4' id='generate-classlist-js'><\/script>\n<![endif]--><\/div><\/div><\/div><\/div><\/div><\/div><div class=\"vce-col vce-col--md-auto vce-col--xs-1 vce-col--xs-last vce-col--xs-first vce-col--sm-last vce-col--sm-first vce-col--md-last vce-col--lg-last vce-col--xl-last vce-col--md-first vce-col--lg-first vce-col--xl-first\" id=\"el-1e594673\"><div class=\"vce-col-inner\" data-vce-do-apply=\"border margin background  el-1e594673\"><div class=\"vce-col-content\" data-vce-element-content=\"true\" data-vce-do-apply=\"padding el-1e594673\"><div class=\"vce vce-separator-container vce-separator--align-right vce-separator--style-solid\" id=\"el-cd0bfd82\" data-vce-do-apply=\"margin el-cd0bfd82\"><div class=\"vce-separator vce-separator--color-bfc0c1 vce-separator--width-90 vce-separator--thickness-1\" data-vce-do-apply=\"border padding background  el-cd0bfd82\"><\/div><\/div><\/div><\/div><\/div><\/div><\/div><\/div><div class=\"vce-row-container\" data-vce-boxed-width=\"true\"><div class=\"vce-row vce-row--col-gap-30 vce-row-equal-height vce-row-content--top\" id=\"el-26d62d2d\" data-vce-do-apply=\"all el-26d62d2d\"><div class=\"vce-row-content\" data-vce-element-content=\"true\"><div class=\"vce-col vce-col--md-50p vce-col--xs-1 vce-col--xs-last vce-col--xs-first vce-col--sm-last vce-col--sm-first vce-col--md-first vce-col--lg-first vce-col--xl-first\" id=\"el-20a937a8\"><div class=\"vce-col-inner\" data-vce-do-apply=\"border margin background  el-20a937a8\"><div class=\"vce-col-content\" data-vce-element-content=\"true\" data-vce-do-apply=\"padding el-20a937a8\"><div class=\"vce-single-image-container vce-single-image--align-center\"><div class=\"vce vce-single-image-wrapper\" id=\"el-f8fb1549\" data-vce-do-apply=\"all el-f8fb1549\"><figure><div class=\"vce-single-image-figure-inner\" style=\"width: 120px;\"><div class=\"vce-single-image-inner vce-single-image--absolute\" style=\"width: 100%; padding-bottom: 100%;\"><img loading=\"lazy\" decoding=\"async\" class=\"vce-single-image\"  width=\"120\" height=\"120\" srcset=\"https:\/\/www.feuerwehr-riedrode.de\/wordpress\/wp-content\/uploads\/2023\/01\/Kinderfeuerwehr-320x329.jpg 320w, https:\/\/www.feuerwehr-riedrode.de\/wordpress\/wp-content\/uploads\/2023\/01\/Kinderfeuerwehr-480x494.jpg 480w, https:\/\/www.feuerwehr-riedrode.de\/wordpress\/wp-content\/uploads\/2023\/01\/Kinderfeuerwehr-800x823.jpg 800w, https:\/\/www.feuerwehr-riedrode.de\/wordpress\/wp-content\/uploads\/2025\/02\/Kinderfeuerwehr-120x120.jpg 120w, https:\/\/www.feuerwehr-riedrode.de\/wordpress\/wp-content\/uploads\/2025\/02\/Kinderfeuerwehr-240x240.jpg 2x\" src=\"https:\/\/www.feuerwehr-riedrode.de\/wordpress\/wp-content\/uploads\/2025\/02\/Kinderfeuerwehr-120x120.jpg\" data-img-src=\"https:\/\/www.feuerwehr-riedrode.de\/wordpress\/wp-content\/uploads\/2023\/01\/Kinderfeuerwehr.jpg\" data-attachment-id=\"899\"  alt=\"\" title=\"Kinderfeuerwehr\" \/><\/div><\/div><figcaption hidden=\"\"><\/figcaption><\/figure><\/div><\/div><\/div><\/div><\/div><div class=\"vce-col vce-col--md-50p vce-col--xs-1 vce-col--xs-last vce-col--xs-first vce-col--sm-last vce-col--sm-first vce-col--md-last vce-col--lg-last vce-col--xl-last\" id=\"el-e7d7cb0e\"><div class=\"vce-col-inner\" data-vce-do-apply=\"border margin background  el-e7d7cb0e\"><div class=\"vce-col-content\" data-vce-element-content=\"true\" data-vce-do-apply=\"padding el-e7d7cb0e\"><div class=\"vce-text-block\"><div class=\"vce-text-block-wrapper vce\" id=\"el-698a1403\" data-vce-do-apply=\"all el-698a1403\"><p>Die <a href=\"https:\/\/www.feuerwehr-riedrode.de\/wordpress\/unsere-abteilungen\/kinderfeuerwehr\/\">Kinderfeuerwehr \"Firekids\"<\/a> treffen sich alle 2 Wochen Montags von 17:30 bis 18:30 Uhr.<\/p><p>Weiter zum Dienstplan unter <a href=\"https:\/\/www.feuerwehr-riedrode.de\/wordpress\/downloads\/\">Downloads<\/a>.<\/p><\/div><\/div><\/div><\/div><\/div><div class=\"vce-col vce-col--md-auto vce-col--xs-1 vce-col--xs-last vce-col--xs-first vce-col--sm-last vce-col--sm-first vce-col--md-last vce-col--lg-last vce-col--xl-last vce-col--md-first vce-col--lg-first vce-col--xl-first\" id=\"el-6fca0e71\"><div class=\"vce-col-inner\" data-vce-do-apply=\"border margin background  el-6fca0e71\"><div class=\"vce-col-content\" data-vce-element-content=\"true\" data-vce-do-apply=\"padding el-6fca0e71\"><div class=\"vce vce-separator-container vce-separator--align-right vce-separator--style-solid\" id=\"el-8bb93acf\" data-vce-do-apply=\"margin el-8bb93acf\"><div class=\"vce-separator vce-separator--color-bfc0c1 vce-separator--width-90 vce-separator--thickness-1\" data-vce-do-apply=\"border padding background  el-8bb93acf\"><\/div><\/div><\/div><\/div><\/div><\/div><\/div><\/div><div class=\"vce-row-container\" data-vce-boxed-width=\"true\"><div class=\"vce-row vce-row--col-gap-30 vce-row-equal-height vce-row-content--top\" id=\"el-551b7c89\" data-vce-do-apply=\"all el-551b7c89\"><div class=\"vce-row-content\" data-vce-element-content=\"true\"><div class=\"vce-col vce-col--md-50p vce-col--xs-1 vce-col--xs-last vce-col--xs-first vce-col--sm-last vce-col--sm-first vce-col--md-first vce-col--lg-first vce-col--xl-first\" id=\"el-61d02a41\"><div class=\"vce-col-inner\" data-vce-do-apply=\"border margin background  el-61d02a41\"><div class=\"vce-col-content\" data-vce-element-content=\"true\" data-vce-do-apply=\"padding el-61d02a41\"><div class=\"vce-single-image-container vce-single-image--align-center\"><div class=\"vce vce-single-image-wrapper\" id=\"el-a643fe71\" data-vce-do-apply=\"all el-a643fe71\"><figure><div class=\"vce-single-image-figure-inner\" style=\"width: 120px;\"><div class=\"vce-single-image-inner vce-single-image--absolute\" style=\"width: 100%; padding-bottom: 100%;\"><img loading=\"lazy\" decoding=\"async\" class=\"vce-single-image\"  width=\"120\" height=\"120\" srcset=\"https:\/\/www.feuerwehr-riedrode.de\/wordpress\/wp-content\/uploads\/2025\/02\/cropped-Fav-3-320x320.png 320w, https:\/\/www.feuerwehr-riedrode.de\/wordpress\/wp-content\/uploads\/2025\/02\/cropped-Fav-3-480x480.png 480w\" src=\"https:\/\/www.feuerwehr-riedrode.de\/wordpress\/wp-content\/uploads\/2018\/02\/cropped-Fav-3.png\" data-img-src=\"https:\/\/www.feuerwehr-riedrode.de\/wordpress\/wp-content\/uploads\/2018\/02\/cropped-Fav-3.png\" data-attachment-id=\"642\"  alt=\"\" title=\"Ehrenabteilung\" \/><\/div><\/div><figcaption hidden=\"\"><\/figcaption><\/figure><\/div><\/div><\/div><\/div><\/div><div class=\"vce-col vce-col--md-auto vce-col--xs-1 vce-col--xs-last vce-col--xs-first vce-col--sm-last vce-col--sm-first vce-col--md-last vce-col--lg-last vce-col--xl-last\" id=\"el-672fa1ab\"><div class=\"vce-col-inner\" data-vce-do-apply=\"border margin background  el-672fa1ab\"><div class=\"vce-col-content\" data-vce-element-content=\"true\" data-vce-do-apply=\"padding el-672fa1ab\"><div class=\"vce-text-block\"><div class=\"vce-text-block-wrapper vce\" id=\"el-e9ec3c0e\" data-vce-do-apply=\"all el-e9ec3c0e\"><p>Die <a href=\"https:\/\/www.feuerwehr-riedrode.de\/wordpress\/unsere-abteilungen\/alters-und-ehrenabteilung\/\">Alters- und Ehrenabteilung<\/a> trifft sich regelm\u00e4\u00dfig Montags ab 19:45 Uhr zu den \u00dcbungszeiten der Einsatzabteilung.<\/p>\n<p>Weiter zum Dienstplan unter <a href=\"https:\/\/www.feuerwehr-riedrode.de\/wordpress\/downloads\/\">Downloads<\/a>.<\/p><\/div><\/div><\/div><\/div><\/div><\/div><\/div><\/div>\n","protected":false},"excerpt":{"rendered":"<p>Die Einsatzabteilung trifft sich immer Montags um 19:45 Uhr zum \u00dcbungsbetrieb. Weiter zum Dienstplan unter Downloads. Die Jugendfeuerwehr trifft sich regelm\u00e4\u00dfig Mittwochs um 18:45 Uhr. Weiter zum Dienstplan unter Downloads. Die Kinderfeuerwehr &#8222;Firekids&#8220; treffen sich alle 2 Wochen Montags von 17:30 bis 18:30 Uhr.Weiter zum Dienstplan unter Downloads.Die Alters- und Ehrenabteilung trifft sich regelm\u00e4\u00dfig Montags &#8230; <a title=\"Abteilungen\" class=\"read-more\" href=\"https:\/\/www.feuerwehr-riedrode.de\/wordpress\/unsere-abteilungen\/\" aria-label=\"Mehr Informationen \u00fcber Abteilungen\">Weiterlesen<\/a><\/p>\n","protected":false},"author":6,"featured_media":0,"parent":0,"menu_order":0,"comment_status":"closed","ping_status":"closed","template":"","meta":{"footnotes":""},"class_list":["post-93","page","type-page","status-publish"],"_links":{"self":[{"href":"https:\/\/www.feuerwehr-riedrode.de\/wordpress\/wp-json\/wp\/v2\/pages\/93","targetHints":{"allow":["GET"]}}],"collection":[{"href":"https:\/\/www.feuerwehr-riedrode.de\/wordpress\/wp-json\/wp\/v2\/pages"}],"about":[{"href":"https:\/\/www.feuerwehr-riedrode.de\/wordpress\/wp-json\/wp\/v2\/types\/page"}],"author":[{"embeddable":true,"href":"https:\/\/www.feuerwehr-riedrode.de\/wordpress\/wp-json\/wp\/v2\/users\/6"}],"replies":[{"embeddable":true,"href":"https:\/\/www.feuerwehr-riedrode.de\/wordpress\/wp-json\/wp\/v2\/comments?post=93"}],"version-history":[{"count":19,"href":"https:\/\/www.feuerwehr-riedrode.de\/wordpress\/wp-json\/wp\/v2\/pages\/93\/revisions"}],"predecessor-version":[{"id":1104,"href":"https:\/\/www.feuerwehr-riedrode.de\/wordpress\/wp-json\/wp\/v2\/pages\/93\/revisions\/1104"}],"wp:attachment":[{"href":"https:\/\/www.feuerwehr-riedrode.de\/wordpress\/wp-json\/wp\/v2\/media?parent=93"}],"curies":[{"name":"wp","href":"https:\/\/api.w.org\/{rel}","templated":true}]}}