{"id":36,"date":"2018-02-19T15:20:13","date_gmt":"2018-02-19T14:20:13","guid":{"rendered":"http:\/\/www.feuerwehr-riedrode.de\/wordpress\/?page_id=36"},"modified":"2025-03-10T22:14:43","modified_gmt":"2025-03-10T21:14:43","slug":"mannschaft","status":"publish","type":"page","link":"https:\/\/www.feuerwehr-riedrode.de\/wordpress\/unsere-abteilungen\/mannschaft\/","title":{"rendered":"Einsatzabteilung"},"content":{"rendered":"<p align=\"left\"><span style=\"font-family: Arial;\">Die Einsatzabteilung der Feuerwehr Riedrode mit derzeit 25 aktiven Feuerwehrkameraden und -kameradinnen sorgt sowohl f\u00fcr den abwehrenden Brandschutz als auch f\u00fcr die technische Hilfeleistung bei Ungl\u00fccksf\u00e4llen. Die Leitung der Einsatzabteilung obliegt dem Wehrf\u00fchrer Sascha Brutscher und seinem Stellvertreter Silas Reinig. <\/span><\/p>\n<p align=\"left\"><span style=\"font-family: Arial;\">\u00dcbungs- und Ausbildungsstunden finden jede Woche Montags ab 19:45 Uhr statt.<\/span><\/p>\n<p align=\"left\">\n<table id=\"tablepress-3\" class=\"tablepress tablepress-id-3\">\n<thead>\n<tr class=\"row-1\">\n\t<th class=\"column-1\"><a href=\"https:\/\/www.feuerwehr-riedrode.de\/wordpress\/unsere-abteilungen\/mannschaft\/wehrfuehrung\/\">Wehrf\u00fchrung<\/a><\/th><th class=\"column-2\"><a href=\"https:\/\/www.feuerwehr-riedrode.de\/wordpress\/unsere-abteilungen\/mannschaft\/funktionstraeger\/\">Funktionstr\u00e4ger<\/a><\/th><th class=\"column-3\"><a href=\"https:\/\/www.feuerwehr-riedrode.de\/wordpress\/unsere-abteilungen\/mannschaft\/ueberoertliche-aktivitaeten\/\">\u00dcber\u00f6rtliche Aktivit\u00e4ten<\/a><\/th>\n<\/tr>\n<\/thead>\n<tbody class=\"row-striping row-hover\">\n<\/tbody>\n<\/table>\n<!-- #tablepress-3 from cache --><\/p>\n<p align=\"left\">\u00a0\n<table id=\"tablepress-2\" class=\"tablepress tablepress-id-2\">\n<tbody class=\"row-striping row-hover\">\n<tr class=\"row-1\">\n\t<td class=\"column-1\">24<\/td><td class=\"column-2\">Grundlehrgang<\/td><td class=\"column-3\"><\/td><td class=\"column-4\">2<\/td><td class=\"column-5\">VB Feuerwehrf\u00fchrungskr\u00e4fte<\/td>\n<\/tr>\n<tr class=\"row-2\">\n\t<td class=\"column-1\">9<\/td><td class=\"column-2\">Truppf\u00fchrer<\/td><td class=\"column-3\"><\/td><td class=\"column-4\">1<\/td><td class=\"column-5\">VB baulicher Brandschutz<\/td>\n<\/tr>\n<tr class=\"row-3\">\n\t<td class=\"column-1\">7<\/td><td class=\"column-2\">Gruppenf\u00fchrer<\/td><td class=\"column-3\"><\/td><td class=\"column-4\">1<\/td><td class=\"column-5\">Kreisausbilder<\/td>\n<\/tr>\n<tr class=\"row-4\">\n\t<td class=\"column-1\">2<\/td><td class=\"column-2\">Zugf\u00fchrer<\/td><td class=\"column-3\"><\/td><td class=\"column-4\">1<\/td><td class=\"column-5\">GABC Dekon P<\/td>\n<\/tr>\n<tr class=\"row-5\">\n\t<td class=\"column-1\">1<\/td><td class=\"column-2\">Verbandsf\u00fchrer<\/td><td class=\"column-3\"><\/td><td class=\"column-4\">1<\/td><td class=\"column-5\">GABC Erkundung<\/td>\n<\/tr>\n<tr class=\"row-6\">\n\t<td class=\"column-1\">3<\/td><td class=\"column-2\">Leiter einer Wehr<\/td><td class=\"column-3\"><\/td><td class=\"column-4\">4<\/td><td class=\"column-5\">GABC Einsatz<\/td>\n<\/tr>\n<tr class=\"row-7\">\n\t<td class=\"column-1\">17<\/td><td class=\"column-2\">Atemschutzger\u00e4tetr\u00e4ger<\/td><td class=\"column-3\"><\/td><td class=\"column-4\">1<\/td><td class=\"column-5\">Gefahrgut (GSG) 1<\/td>\n<\/tr>\n<tr class=\"row-8\">\n\t<td class=\"column-1\">9<\/td><td class=\"column-2\">CSA<\/td><td class=\"column-3\"><\/td><td class=\"column-4\">1<\/td><td class=\"column-5\">Drehleitermaschinist<\/td>\n<\/tr>\n<tr class=\"row-9\">\n\t<td class=\"column-1\">17<\/td><td class=\"column-2\">Sprechfunk<\/td><td class=\"column-3\"><\/td><td class=\"column-4\">2<\/td><td class=\"column-5\">Ger\u00e4tewart<\/td>\n<\/tr>\n<tr class=\"row-10\">\n\t<td class=\"column-1\">13<\/td><td class=\"column-2\">Maschinist<\/td><td class=\"column-3\"><\/td><td class=\"column-4\">1<\/td><td class=\"column-5\">Atemschutzger\u00e4tewart I<\/td>\n<\/tr>\n<tr class=\"row-11\">\n\t<td class=\"column-1\">9<\/td><td class=\"column-2\">TH-VU<\/td><td class=\"column-3\"><\/td><td class=\"column-4\">1<\/td><td class=\"column-5\">Atemschutzger\u00e4tewart II<\/td>\n<\/tr>\n<tr class=\"row-12\">\n\t<td class=\"column-1\">4<\/td><td class=\"column-2\">TH-BAU<\/td><td class=\"column-3\"><\/td><td class=\"column-4\">1<\/td><td class=\"column-5\">Notfallsanit\u00e4ter<\/td>\n<\/tr>\n<tr class=\"row-13\">\n\t<td class=\"column-1\">2<\/td><td class=\"column-2\">TH-Bahn 1<\/td><td class=\"column-3\"><\/td><td class=\"column-4\">1<\/td><td class=\"column-5\">Rettungssanit\u00e4ter<\/td>\n<\/tr>\n<tr class=\"row-14\">\n\t<td class=\"column-1\">1<\/td><td class=\"column-2\">TH-Bahn 2<\/td><td class=\"column-3\"><\/td><td class=\"column-4\">1<\/td><td class=\"column-5\">Feuerwehrsanit\u00e4ter<\/td>\n<\/tr>\n<tr class=\"row-15\">\n\t<td class=\"column-1\">10<\/td><td class=\"column-2\">Motorkettens\u00e4ge<\/td><td class=\"column-3\"><\/td><td class=\"column-4\">5<\/td><td class=\"column-5\">JF Rechte &amp; Pflichten<\/td>\n<\/tr>\n<\/tbody>\n<\/table>\n<!-- #tablepress-2 from cache --><\/p>\n","protected":false},"excerpt":{"rendered":"<p>Die Einsatzabteilung der Feuerwehr Riedrode mit derzeit 25 aktiven Feuerwehrkameraden und -kameradinnen sorgt sowohl f\u00fcr den abwehrenden Brandschutz als auch f\u00fcr die technische Hilfeleistung bei Ungl\u00fccksf\u00e4llen. Die Leitung der Einsatzabteilung obliegt dem Wehrf\u00fchrer Sascha Brutscher und seinem Stellvertreter Silas Reinig. \u00dcbungs- und Ausbildungsstunden finden jede Woche Montags ab 19:45 Uhr statt. \u00a0<\/p>\n","protected":false},"author":6,"featured_media":44,"parent":93,"menu_order":0,"comment_status":"closed","ping_status":"closed","template":"","meta":{"footnotes":""},"class_list":["post-36","page","type-page","status-publish","has-post-thumbnail"],"_links":{"self":[{"href":"https:\/\/www.feuerwehr-riedrode.de\/wordpress\/wp-json\/wp\/v2\/pages\/36","targetHints":{"allow":["GET"]}}],"collection":[{"href":"https:\/\/www.feuerwehr-riedrode.de\/wordpress\/wp-json\/wp\/v2\/pages"}],"about":[{"href":"https:\/\/www.feuerwehr-riedrode.de\/wordpress\/wp-json\/wp\/v2\/types\/page"}],"author":[{"embeddable":true,"href":"https:\/\/www.feuerwehr-riedrode.de\/wordpress\/wp-json\/wp\/v2\/users\/6"}],"replies":[{"embeddable":true,"href":"https:\/\/www.feuerwehr-riedrode.de\/wordpress\/wp-json\/wp\/v2\/comments?post=36"}],"version-history":[{"count":15,"href":"https:\/\/www.feuerwehr-riedrode.de\/wordpress\/wp-json\/wp\/v2\/pages\/36\/revisions"}],"predecessor-version":[{"id":1128,"href":"https:\/\/www.feuerwehr-riedrode.de\/wordpress\/wp-json\/wp\/v2\/pages\/36\/revisions\/1128"}],"up":[{"embeddable":true,"href":"https:\/\/www.feuerwehr-riedrode.de\/wordpress\/wp-json\/wp\/v2\/pages\/93"}],"wp:featuredmedia":[{"embeddable":true,"href":"https:\/\/www.feuerwehr-riedrode.de\/wordpress\/wp-json\/wp\/v2\/media\/44"}],"wp:attachment":[{"href":"https:\/\/www.feuerwehr-riedrode.de\/wordpress\/wp-json\/wp\/v2\/media?parent=36"}],"curies":[{"name":"wp","href":"https:\/\/api.w.org\/{rel}","templated":true}]}}