{"id":187,"date":"2018-02-20T12:10:56","date_gmt":"2018-02-20T11:10:56","guid":{"rendered":"http:\/\/www.feuerwehr-riedrode.de\/wordpress\/?page_id=187"},"modified":"2018-02-20T12:12:52","modified_gmt":"2018-02-20T11:12:52","slug":"beitraege","status":"publish","type":"page","link":"https:\/\/www.feuerwehr-riedrode.de\/wordpress\/beitraege\/","title":{"rendered":"Aktuelles"},"content":{"rendered":"\n<!-- NOTE: If you need to make changes to this file, copy it to your current theme's main\n\tdirectory so your changes won't be overwritten when the plugin is upgraded. -->\n\n<!-- Post Wrap Start-->\n<div class=\"post hentry ivycat-post\">\n\n\t<!-- \tThis outputs the post TITLE -->\n\t<h2 class=\"entry-title\"><a href=\"https:\/\/www.feuerwehr-riedrode.de\/wordpress\/2026\/02\/08\/save-the-date-tag-der-offenen-tuer-am-pfingstsonntag-24-05-2026\/\">Tag der offenen T\u00fcr am Pfingstsonntag, 24.05.2026 ab 10:00 Uhr<\/a><\/h2>\n\n\t<!-- \tThis outputs the post EXCERPT.  To display full content including images and html,\n\t\treplace the_excerpt(); with the_content();  below. -->\n\t<div class=\"entry-summary\">\n\t\t<p>Am Pfingstsonntag, dem 24. Mai ist es wieder so weit: von 10:00 bis 18:00 Uhr findet unser allj\u00e4hrlicher Tag der offenen T\u00fcr statt. F\u00fcr unsere jungen Besucher werden wir Schmink- und Spielstationen vorbereiten sowie Rundfahrten im Feuerwehrauto anbieten. Neben der Fahrzeugausstellung wird es auch musikalische Unterhaltung durch den Spielmannszug B\u00fcrstadt Hofheim geben. Kaffee und Kuchen &#8230; <a title=\"Tag der offenen T\u00fcr am Pfingstsonntag, 24.05.2026 ab 10:00 Uhr\" class=\"read-more\" href=\"https:\/\/www.feuerwehr-riedrode.de\/wordpress\/2026\/02\/08\/save-the-date-tag-der-offenen-tuer-am-pfingstsonntag-24-05-2026\/\" aria-label=\"Mehr Informationen \u00fcber Tag der offenen T\u00fcr am Pfingstsonntag, 24.05.2026 ab 10:00 Uhr\">Weiterlesen<\/a><\/p>\n\t<\/div>\n\n\t<!--\tThis outputs the post META information -->\n\t<div class=\"entry-utility\">\n\t\t\t\t\t<span class=\"cat-links\">\n\t\t\t\t<span class=\"entry-utility-prep entry-utility-prep-cat-links\">Posted in<\/span> <a href=\"https:\/\/www.feuerwehr-riedrode.de\/wordpress\/category\/allgemein\/\" rel=\"category tag\">Allgemein<\/a>, <a href=\"https:\/\/www.feuerwehr-riedrode.de\/wordpress\/category\/informationen\/\" rel=\"category tag\">Informationen<\/a>\t\t\t<\/span>\n\t\t\t<span class=\"meta-sep\">|<\/span>\n\t\t\t\t\t\t<span class=\"comments-link\">\n\t\t\t<span>Kommentare deaktiviert<span class=\"screen-reader-text\"> f\u00fcr Tag der offenen T\u00fcr am Pfingstsonntag, 24.05.2026 ab 10:00 Uhr<\/span><\/span>\t\t<\/span>\n\t\t\t<\/div>\n<\/div>\n<!-- \/\/ Post Wrap End -->\n\n<!-- NOTE: If you need to make changes to this file, copy it to your current theme's main\n\tdirectory so your changes won't be overwritten when the plugin is upgraded. -->\n\n<!-- Post Wrap Start-->\n<div class=\"post hentry ivycat-post\">\n\n\t<!-- \tThis outputs the post TITLE -->\n\t<h2 class=\"entry-title\"><a href=\"https:\/\/www.feuerwehr-riedrode.de\/wordpress\/2026\/01\/31\/einladung-zur-jahreshaupt-und-mitgliederversammlung-der-freiwilligen-feuerwehr-riedrode-21-02-26-sowie-der-jugendfeuerwehr-riedrode-19-02-26\/\">Einladung zur Jahreshaupt- und Mitgliederversammlung der Freiwilligen Feuerwehr Riedrode (21.02.26) sowie der Jugendfeuerwehr Riedrode (19.02.26)<\/a><\/h2>\n\n\t<!-- \tThis outputs the post EXCERPT.  To display full content including images and html,\n\t\treplace the_excerpt(); with the_content();  below. -->\n\t<div class=\"entry-summary\">\n\t\t<p>Wir m\u00f6chten Sie zu der am 21.02.2026 im Feuerwehrhaus in Riedrode stattfindenden, Jahreshaupt- und Mitgliederversammlung der Einsatzabteilung sowie des Feuerwehrvereins der Feuerwehr Riedrode, recht herzlich einladen. Beginn ist um 19:00 Uhr. Tagesordnung Ebenso m\u00f6chten wir Sie zur Jahreshauptversammlung der Jugendfeuerwehr Riedrode am 19.02.2026 einladen. Beginn ist auch hier um 19:00 Uhr. Tagesordnung Wir freuen uns &#8230; <a title=\"Einladung zur Jahreshaupt- und Mitgliederversammlung der Freiwilligen Feuerwehr Riedrode (21.02.26) sowie der Jugendfeuerwehr Riedrode (19.02.26)\" class=\"read-more\" href=\"https:\/\/www.feuerwehr-riedrode.de\/wordpress\/2026\/01\/31\/einladung-zur-jahreshaupt-und-mitgliederversammlung-der-freiwilligen-feuerwehr-riedrode-21-02-26-sowie-der-jugendfeuerwehr-riedrode-19-02-26\/\" aria-label=\"Mehr Informationen \u00fcber Einladung zur Jahreshaupt- und Mitgliederversammlung der Freiwilligen Feuerwehr Riedrode (21.02.26) sowie der Jugendfeuerwehr Riedrode (19.02.26)\">Weiterlesen<\/a><\/p>\n\t<\/div>\n\n\t<!--\tThis outputs the post META information -->\n\t<div class=\"entry-utility\">\n\t\t\t\t\t<span class=\"cat-links\">\n\t\t\t\t<span class=\"entry-utility-prep entry-utility-prep-cat-links\">Posted in<\/span> <a href=\"https:\/\/www.feuerwehr-riedrode.de\/wordpress\/category\/allgemein\/\" rel=\"category tag\">Allgemein<\/a>, <a href=\"https:\/\/www.feuerwehr-riedrode.de\/wordpress\/category\/informationen\/\" rel=\"category tag\">Informationen<\/a>\t\t\t<\/span>\n\t\t\t<span class=\"meta-sep\">|<\/span>\n\t\t\t\t\t\t<span class=\"comments-link\">\n\t\t\t<span>Kommentare deaktiviert<span class=\"screen-reader-text\"> f\u00fcr Einladung zur Jahreshaupt- und Mitgliederversammlung der Freiwilligen Feuerwehr Riedrode (21.02.26) sowie der Jugendfeuerwehr Riedrode (19.02.26)<\/span><\/span>\t\t<\/span>\n\t\t\t<\/div>\n<\/div>\n<!-- \/\/ Post Wrap End -->\n\n<!-- NOTE: If you need to make changes to this file, copy it to your current theme's main\n\tdirectory so your changes won't be overwritten when the plugin is upgraded. -->\n\n<!-- Post Wrap Start-->\n<div class=\"post hentry ivycat-post\">\n\n\t<!-- \tThis outputs the post TITLE -->\n\t<h2 class=\"entry-title\"><a href=\"https:\/\/www.feuerwehr-riedrode.de\/wordpress\/2025\/12\/26\/christbaumaktion-am-10-01-2026\/\">Christbaumaktion am 10.01.2026<\/a><\/h2>\n\n\t<!-- \tThis outputs the post EXCERPT.  To display full content including images and html,\n\t\treplace the_excerpt(); with the_content();  below. -->\n\t<div class=\"entry-summary\">\n\t\t<p>Am 10.01.2026 ab 10:00 Uhr ist es wieder soweit: Die Christbaumaktion der Feuerwehr Riedrode startet! Gemeinsam sammeln die Kinder- und Jugendfeuerwehr, die Ehren- und Altersabteilung sowie die Einsatzabteilung in Riedrode eure ausgedienten Christb\u00e4ume ein. Stellt euren Christbaum bitte bis sp\u00e4testens 10 Uhr gut sichtbar vor euer Haus \u2013 wir k\u00fcmmern uns um den Rest. \u00dcber &#8230; <a title=\"Christbaumaktion am 10.01.2026\" class=\"read-more\" href=\"https:\/\/www.feuerwehr-riedrode.de\/wordpress\/2025\/12\/26\/christbaumaktion-am-10-01-2026\/\" aria-label=\"Mehr Informationen \u00fcber Christbaumaktion am 10.01.2026\">Weiterlesen<\/a><\/p>\n\t<\/div>\n\n\t<!--\tThis outputs the post META information -->\n\t<div class=\"entry-utility\">\n\t\t\t\t\t<span class=\"cat-links\">\n\t\t\t\t<span class=\"entry-utility-prep entry-utility-prep-cat-links\">Posted in<\/span> <a href=\"https:\/\/www.feuerwehr-riedrode.de\/wordpress\/category\/allgemein\/\" rel=\"category tag\">Allgemein<\/a>, <a href=\"https:\/\/www.feuerwehr-riedrode.de\/wordpress\/category\/informationen\/\" rel=\"category tag\">Informationen<\/a>\t\t\t<\/span>\n\t\t\t<span class=\"meta-sep\">|<\/span>\n\t\t\t\t\t\t<span class=\"comments-link\">\n\t\t\t<span>Kommentare deaktiviert<span class=\"screen-reader-text\"> f\u00fcr Christbaumaktion am 10.01.2026<\/span><\/span>\t\t<\/span>\n\t\t\t<\/div>\n<\/div>\n<!-- \/\/ Post Wrap End -->\n\n<!-- NOTE: If you need to make changes to this file, copy it to your current theme's main\n\tdirectory so your changes won't be overwritten when the plugin is upgraded. -->\n\n<!-- Post Wrap Start-->\n<div class=\"post hentry ivycat-post\">\n\n\t<!-- \tThis outputs the post TITLE -->\n\t<h2 class=\"entry-title\"><a href=\"https:\/\/www.feuerwehr-riedrode.de\/wordpress\/2025\/12\/18\/wir-wuenschen-frohe-weihnachtstage-und-einen-guten-start-in-das-neue-jahr-2026\/\">Wir w\u00fcnschen frohe Weihnachtstage und einen guten Start in das neue Jahr 2026!<\/a><\/h2>\n\n\t<!-- \tThis outputs the post EXCERPT.  To display full content including images and html,\n\t\treplace the_excerpt(); with the_content();  below. -->\n\t<div class=\"entry-summary\">\n\t\t<p>In gewohnter Art und Weise m\u00f6chten wir uns am Jahresende bei allen B\u00fcrgerinnen und B\u00fcrgern f\u00fcr die im abgelaufenen Jahr entgegengebrachte Unterst\u00fctzung und das damit verbundene Vertrauen in uns bedanken. Ohne Ihre Mithilfe k\u00f6nnten wir uns, neben unserer eigentlichen Hauptaufgabe &#8211; dem abwehrendenBrandschutz, sowie der technischen Hilfe &#8211; nicht um weitere gesellschaftliche Ereignisse, wie z.B. &#8230; <a title=\"Wir w\u00fcnschen frohe Weihnachtstage und einen guten Start in das neue Jahr 2026!\" class=\"read-more\" href=\"https:\/\/www.feuerwehr-riedrode.de\/wordpress\/2025\/12\/18\/wir-wuenschen-frohe-weihnachtstage-und-einen-guten-start-in-das-neue-jahr-2026\/\" aria-label=\"Mehr Informationen \u00fcber Wir w\u00fcnschen frohe Weihnachtstage und einen guten Start in das neue Jahr 2026!\">Weiterlesen<\/a><\/p>\n\t<\/div>\n\n\t<!--\tThis outputs the post META information -->\n\t<div class=\"entry-utility\">\n\t\t\t\t\t<span class=\"cat-links\">\n\t\t\t\t<span class=\"entry-utility-prep entry-utility-prep-cat-links\">Posted in<\/span> <a href=\"https:\/\/www.feuerwehr-riedrode.de\/wordpress\/category\/allgemein\/\" rel=\"category tag\">Allgemein<\/a>, <a href=\"https:\/\/www.feuerwehr-riedrode.de\/wordpress\/category\/informationen\/\" rel=\"category tag\">Informationen<\/a>\t\t\t<\/span>\n\t\t\t<span class=\"meta-sep\">|<\/span>\n\t\t\t\t\t\t<span class=\"comments-link\">\n\t\t\t<span>Kommentare deaktiviert<span class=\"screen-reader-text\"> f\u00fcr Wir w\u00fcnschen frohe Weihnachtstage und einen guten Start in das neue Jahr 2026!<\/span><\/span>\t\t<\/span>\n\t\t\t<\/div>\n<\/div>\n<!-- \/\/ Post Wrap End -->\n\n<!-- NOTE: If you need to make changes to this file, copy it to your current theme's main\n\tdirectory so your changes won't be overwritten when the plugin is upgraded. -->\n\n<!-- Post Wrap Start-->\n<div class=\"post hentry ivycat-post\">\n\n\t<!-- \tThis outputs the post TITLE -->\n\t<h2 class=\"entry-title\"><a href=\"https:\/\/www.feuerwehr-riedrode.de\/wordpress\/2025\/11\/25\/der-nikolaus-kommt-wieder-an-den-dorfbrunnen\/\">Der Nikolaus kommt wieder an den Dorfbrunnen<\/a><\/h2>\n\n\t<!-- \tThis outputs the post EXCERPT.  To display full content including images and html,\n\t\treplace the_excerpt(); with the_content();  below. -->\n\t<div class=\"entry-summary\">\n\t\t<p>In diesem Jahr k\u00f6nnen wir den Nikolaus wieder an unserem vom Weihnachtsbaum gezierten Dorfbrunnen empfangen. Er wird am 06.12.2025 um 18:00 Uhr erwartet und freut sich \u00fcber vorgetragene Lieder oder Gedichte.\u00a0 Geschenke k\u00f6nnen ab dem 29.11. bis zum Veranstaltungstag bei Uwe Zinnel, Neue Waldstr. 6, Riedrode abgegeben werden. Pro Kind bitte nur ein Geschenk, damit &#8230; <a title=\"Der Nikolaus kommt wieder an den Dorfbrunnen\" class=\"read-more\" href=\"https:\/\/www.feuerwehr-riedrode.de\/wordpress\/2025\/11\/25\/der-nikolaus-kommt-wieder-an-den-dorfbrunnen\/\" aria-label=\"Mehr Informationen \u00fcber Der Nikolaus kommt wieder an den Dorfbrunnen\">Weiterlesen<\/a><\/p>\n\t<\/div>\n\n\t<!--\tThis outputs the post META information -->\n\t<div class=\"entry-utility\">\n\t\t\t\t\t<span class=\"cat-links\">\n\t\t\t\t<span class=\"entry-utility-prep entry-utility-prep-cat-links\">Posted in<\/span> <a href=\"https:\/\/www.feuerwehr-riedrode.de\/wordpress\/category\/allgemein\/\" rel=\"category tag\">Allgemein<\/a>, <a href=\"https:\/\/www.feuerwehr-riedrode.de\/wordpress\/category\/informationen\/\" rel=\"category tag\">Informationen<\/a>\t\t\t<\/span>\n\t\t\t<span class=\"meta-sep\">|<\/span>\n\t\t\t\t\t\t<span class=\"comments-link\">\n\t\t\t<span>Kommentare deaktiviert<span class=\"screen-reader-text\"> f\u00fcr Der Nikolaus kommt wieder an den Dorfbrunnen<\/span><\/span>\t\t<\/span>\n\t\t\t<\/div>\n<\/div>\n<!-- \/\/ Post Wrap End -->\n\n<!-- NOTE: If you need to make changes to this file, copy it to your current theme's main\n\tdirectory so your changes won't be overwritten when the plugin is upgraded. -->\n\n<!-- Post Wrap Start-->\n<div class=\"post hentry ivycat-post\">\n\n\t<!-- \tThis outputs the post TITLE -->\n\t<h2 class=\"entry-title\"><a href=\"https:\/\/www.feuerwehr-riedrode.de\/wordpress\/2025\/11\/25\/wir-sind-dabei-buerstaedter-weihnachtsmarkt-auf-dem-marktplatz\/\">Wir sind dabei: B\u00fcrst\u00e4dter Weihnachtsmarkt auf dem Marktplatz<\/a><\/h2>\n\n\t<!-- \tThis outputs the post EXCERPT.  To display full content including images and html,\n\t\treplace the_excerpt(); with the_content();  below. -->\n\t<div class=\"entry-summary\">\n\t\t<p>Dieses Jahr findet der Weihnachtsmarkt in B\u00fcrstadt vom 05.12.-07.12.25 auf dem Marktplatz statt. Wir werden dort auch wieder einen eigenen Stand haben und warme Getr\u00e4nke sowie leckere Speisen anbieten. Der Erl\u00f6s flie\u00dft in die Ausstattung der Abteilungen unserer Feuerwehr. Ihr findet uns direkt hinter der B\u00fchne \u2013 unter der Akropolis! \u00d6ffnungszeiten:\u2022 Freitag: 16 \u2013 21 &#8230; <a title=\"Wir sind dabei: B\u00fcrst\u00e4dter Weihnachtsmarkt auf dem Marktplatz\" class=\"read-more\" href=\"https:\/\/www.feuerwehr-riedrode.de\/wordpress\/2025\/11\/25\/wir-sind-dabei-buerstaedter-weihnachtsmarkt-auf-dem-marktplatz\/\" aria-label=\"Mehr Informationen \u00fcber Wir sind dabei: B\u00fcrst\u00e4dter Weihnachtsmarkt auf dem Marktplatz\">Weiterlesen<\/a><\/p>\n\t<\/div>\n\n\t<!--\tThis outputs the post META information -->\n\t<div class=\"entry-utility\">\n\t\t\t\t\t<span class=\"cat-links\">\n\t\t\t\t<span class=\"entry-utility-prep entry-utility-prep-cat-links\">Posted in<\/span> <a href=\"https:\/\/www.feuerwehr-riedrode.de\/wordpress\/category\/allgemein\/\" rel=\"category tag\">Allgemein<\/a>, <a href=\"https:\/\/www.feuerwehr-riedrode.de\/wordpress\/category\/informationen\/\" rel=\"category tag\">Informationen<\/a>\t\t\t<\/span>\n\t\t\t<span class=\"meta-sep\">|<\/span>\n\t\t\t\t\t\t<span class=\"comments-link\">\n\t\t\t<span>Kommentare deaktiviert<span class=\"screen-reader-text\"> f\u00fcr Wir sind dabei: B\u00fcrst\u00e4dter Weihnachtsmarkt auf dem Marktplatz<\/span><\/span>\t\t<\/span>\n\t\t\t<\/div>\n<\/div>\n<!-- \/\/ Post Wrap End -->\n\n<!-- NOTE: If you need to make changes to this file, copy it to your current theme's main\n\tdirectory so your changes won't be overwritten when the plugin is upgraded. -->\n\n<!-- Post Wrap Start-->\n<div class=\"post hentry ivycat-post\">\n\n\t<!-- \tThis outputs the post TITLE -->\n\t<h2 class=\"entry-title\"><a href=\"https:\/\/www.feuerwehr-riedrode.de\/wordpress\/2025\/11\/12\/fahrt-zum-weihnachtsmarkt-in-michelstadt-am-29-11-2025\/\">Fahrt zum Weihnachtsmarkt in Michelstadt am 29.11.2025<\/a><\/h2>\n\n\t<!-- \tThis outputs the post EXCERPT.  To display full content including images and html,\n\t\treplace the_excerpt(); with the_content();  below. -->\n\t<div class=\"entry-summary\">\n\t\t<p>Am Samstag, den 29.11.2025 findet wieder unsere j\u00e4hrliche Fahrt auf den Weihnachtsmarkt nach Michelstadt statt. Die Abfahrt ist um 14:15 Uhr am Feuerwehrhaus. Die R\u00fcckfahrt ist um 21:00 Uhrin Michelstadt. Der Unkostenbeitrag f\u00fcr den Bus betr\u00e4gt 10\u20ac pro Person. Vereinsmitglieder, die dieses Jahr an Veranstaltungen geholfen haben, k\u00f6nnen ihren Helferbon einl\u00f6sen und zahlen dann nur &#8230; <a title=\"Fahrt zum Weihnachtsmarkt in Michelstadt am 29.11.2025\" class=\"read-more\" href=\"https:\/\/www.feuerwehr-riedrode.de\/wordpress\/2025\/11\/12\/fahrt-zum-weihnachtsmarkt-in-michelstadt-am-29-11-2025\/\" aria-label=\"Mehr Informationen \u00fcber Fahrt zum Weihnachtsmarkt in Michelstadt am 29.11.2025\">Weiterlesen<\/a><\/p>\n\t<\/div>\n\n\t<!--\tThis outputs the post META information -->\n\t<div class=\"entry-utility\">\n\t\t\t\t\t<span class=\"cat-links\">\n\t\t\t\t<span class=\"entry-utility-prep entry-utility-prep-cat-links\">Posted in<\/span> <a href=\"https:\/\/www.feuerwehr-riedrode.de\/wordpress\/category\/allgemein\/\" rel=\"category tag\">Allgemein<\/a>, <a href=\"https:\/\/www.feuerwehr-riedrode.de\/wordpress\/category\/informationen\/\" rel=\"category tag\">Informationen<\/a>\t\t\t<\/span>\n\t\t\t<span class=\"meta-sep\">|<\/span>\n\t\t\t\t\t\t<span class=\"comments-link\">\n\t\t\t<span>Kommentare deaktiviert<span class=\"screen-reader-text\"> f\u00fcr Fahrt zum Weihnachtsmarkt in Michelstadt am 29.11.2025<\/span><\/span>\t\t<\/span>\n\t\t\t<\/div>\n<\/div>\n<!-- \/\/ Post Wrap End -->\n\n<!-- NOTE: If you need to make changes to this file, copy it to your current theme's main\n\tdirectory so your changes won't be overwritten when the plugin is upgraded. -->\n\n<!-- Post Wrap Start-->\n<div class=\"post hentry ivycat-post\">\n\n\t<!-- \tThis outputs the post TITLE -->\n\t<h2 class=\"entry-title\"><a href=\"https:\/\/www.feuerwehr-riedrode.de\/wordpress\/2025\/10\/23\/halloween-spass-mit-der-jugendfeuerwehr-riedrode\/\">Halloween-Spa\u00df mit der Jugendfeuerwehr Riedrode<\/a><\/h2>\n\n\t<!-- \tThis outputs the post EXCERPT.  To display full content including images and html,\n\t\treplace the_excerpt(); with the_content();  below. -->\n\t<div class=\"entry-summary\">\n\t\t<p>Am 31.10. ab 17 Uhr feiern wir auf dem Platz vor der Feuerwehr Riedrode wieder unser schaurig-sch\u00f6nes Halloween-Fest Mit dabei: Leckere Getr\u00e4nke, hei\u00dfer Gl\u00fchwein und w\u00e4rmende Suppen.\u00a0\u00a0 Kommt vorbei, unterst\u00fctzt die Jugendfeuerwehr Riedrode und lasst uns gemeinsam gruseln!<\/p>\n\t<\/div>\n\n\t<!--\tThis outputs the post META information -->\n\t<div class=\"entry-utility\">\n\t\t\t\t\t<span class=\"cat-links\">\n\t\t\t\t<span class=\"entry-utility-prep entry-utility-prep-cat-links\">Posted in<\/span> <a href=\"https:\/\/www.feuerwehr-riedrode.de\/wordpress\/category\/allgemein\/\" rel=\"category tag\">Allgemein<\/a>, <a href=\"https:\/\/www.feuerwehr-riedrode.de\/wordpress\/category\/informationen\/\" rel=\"category tag\">Informationen<\/a>\t\t\t<\/span>\n\t\t\t<span class=\"meta-sep\">|<\/span>\n\t\t\t\t\t\t<span class=\"comments-link\">\n\t\t\t<span>Kommentare deaktiviert<span class=\"screen-reader-text\"> f\u00fcr Halloween-Spa\u00df mit der Jugendfeuerwehr Riedrode<\/span><\/span>\t\t<\/span>\n\t\t\t<\/div>\n<\/div>\n<!-- \/\/ Post Wrap End -->\n\n<!-- NOTE: If you need to make changes to this file, copy it to your current theme's main\n\tdirectory so your changes won't be overwritten when the plugin is upgraded. -->\n\n<!-- Post Wrap Start-->\n<div class=\"post hentry ivycat-post\">\n\n\t<!-- \tThis outputs the post TITLE -->\n\t<h2 class=\"entry-title\"><a href=\"https:\/\/www.feuerwehr-riedrode.de\/wordpress\/2025\/09\/09\/menschenrettung-im-fokus-gemeinsame-uebung-der-feuerwehren-der-stadt-buerstadt\/\">Menschenrettung im Fokus &#8211; Gemeinsame \u00dcbung der Feuerwehren der Stadt B\u00fcrstadt<\/a><\/h2>\n\n\t<!-- \tThis outputs the post EXCERPT.  To display full content including images and html,\n\t\treplace the_excerpt(); with the_content();  below. -->\n\t<div class=\"entry-summary\">\n\t\t<p>Zahlreiche G\u00e4ste aus Politik, Verwaltung, Feuerwehr und Bev\u00f6lkerung durften wir am Montagabend zu der gemeinsamen \u00dcbung der Feuerwehren der Stadt B\u00fcrstadt sowie der DRK-Ortsvereine B\u00fcrstadt, Lampertheim, Biblis und Bensheim willkommen hei\u00dfen. Das Planungsteam hatte ein Szenario mit zwei \u00dcbungsschwerpunkten ausgearbeitet, welche die Einsatzkr\u00e4fte vor Ort entsprechend bewerkstelligen mussten. Um die Lage so realistisch wie m\u00f6glich &#8230; <a title=\"Menschenrettung im Fokus &#8211; Gemeinsame \u00dcbung der Feuerwehren der Stadt B\u00fcrstadt\" class=\"read-more\" href=\"https:\/\/www.feuerwehr-riedrode.de\/wordpress\/2025\/09\/09\/menschenrettung-im-fokus-gemeinsame-uebung-der-feuerwehren-der-stadt-buerstadt\/\" aria-label=\"Mehr Informationen \u00fcber Menschenrettung im Fokus &#8211; Gemeinsame \u00dcbung der Feuerwehren der Stadt B\u00fcrstadt\">Weiterlesen<\/a><\/p>\n\t<\/div>\n\n\t<!--\tThis outputs the post META information -->\n\t<div class=\"entry-utility\">\n\t\t\t\t\t<span class=\"cat-links\">\n\t\t\t\t<span class=\"entry-utility-prep entry-utility-prep-cat-links\">Posted in<\/span> <a href=\"https:\/\/www.feuerwehr-riedrode.de\/wordpress\/category\/allgemein\/\" rel=\"category tag\">Allgemein<\/a>, <a href=\"https:\/\/www.feuerwehr-riedrode.de\/wordpress\/category\/informationen\/\" rel=\"category tag\">Informationen<\/a>\t\t\t<\/span>\n\t\t\t<span class=\"meta-sep\">|<\/span>\n\t\t\t\t\t\t<span class=\"comments-link\">\n\t\t\t<span>Kommentare deaktiviert<span class=\"screen-reader-text\"> f\u00fcr Menschenrettung im Fokus &#8211; Gemeinsame \u00dcbung der Feuerwehren der Stadt B\u00fcrstadt<\/span><\/span>\t\t<\/span>\n\t\t\t<\/div>\n<\/div>\n<!-- \/\/ Post Wrap End -->\n\n<!-- NOTE: If you need to make changes to this file, copy it to your current theme's main\n\tdirectory so your changes won't be overwritten when the plugin is upgraded. -->\n\n<!-- Post Wrap Start-->\n<div class=\"post hentry ivycat-post\">\n\n\t<!-- \tThis outputs the post TITLE -->\n\t<h2 class=\"entry-title\"><a href=\"https:\/\/www.feuerwehr-riedrode.de\/wordpress\/2025\/09\/05\/gemeinsame-uebung-der-feuerwehren-der-stadt-buerstadt\/\">Gemeinsame \u00dcbung der Feuerwehren der Stadt B\u00fcrstadt<\/a><\/h2>\n\n\t<!-- \tThis outputs the post EXCERPT.  To display full content including images and html,\n\t\treplace the_excerpt(); with the_content();  below. -->\n\t<div class=\"entry-summary\">\n\t\t<p>Am Montag, 08.09.2025, findet ab 19:00 Uhr die gemeinsame \u00dcbung der Feuerwehren der Stadt B\u00fcrstadt in Riedrode statt. Interessierte B\u00fcrger sind herzlich eingeladen die \u00dcbung zu verfolgen und k\u00f6nnen sich hierf\u00fcr ab 18:30 Uhr am Feuerwehrhaus in Riedrode einfinden. !!! W\u00e4hrend der \u00dcbung ist mit einem erh\u00f6hten Aufkommen von Einsatzfahrzeugen gegebenenfalls auch mit Sondersignal im &#8230; <a title=\"Gemeinsame \u00dcbung der Feuerwehren der Stadt B\u00fcrstadt\" class=\"read-more\" href=\"https:\/\/www.feuerwehr-riedrode.de\/wordpress\/2025\/09\/05\/gemeinsame-uebung-der-feuerwehren-der-stadt-buerstadt\/\" aria-label=\"Mehr Informationen \u00fcber Gemeinsame \u00dcbung der Feuerwehren der Stadt B\u00fcrstadt\">Weiterlesen<\/a><\/p>\n\t<\/div>\n\n\t<!--\tThis outputs the post META information -->\n\t<div class=\"entry-utility\">\n\t\t\t\t\t<span class=\"cat-links\">\n\t\t\t\t<span class=\"entry-utility-prep entry-utility-prep-cat-links\">Posted in<\/span> <a href=\"https:\/\/www.feuerwehr-riedrode.de\/wordpress\/category\/allgemein\/\" rel=\"category tag\">Allgemein<\/a>, <a href=\"https:\/\/www.feuerwehr-riedrode.de\/wordpress\/category\/informationen\/\" rel=\"category tag\">Informationen<\/a>\t\t\t<\/span>\n\t\t\t<span class=\"meta-sep\">|<\/span>\n\t\t\t\t\t\t<span class=\"comments-link\">\n\t\t\t<span>Kommentare deaktiviert<span class=\"screen-reader-text\"> f\u00fcr Gemeinsame \u00dcbung der Feuerwehren der Stadt B\u00fcrstadt<\/span><\/span>\t\t<\/span>\n\t\t\t<\/div>\n<\/div>\n<!-- \/\/ Post Wrap End -->\n\n","protected":false},"excerpt":{"rendered":"","protected":false},"author":6,"featured_media":0,"parent":0,"menu_order":0,"comment_status":"closed","ping_status":"closed","template":"","meta":{"footnotes":""},"class_list":["post-187","page","type-page","status-publish","hentry"],"_links":{"self":[{"href":"https:\/\/www.feuerwehr-riedrode.de\/wordpress\/wp-json\/wp\/v2\/pages\/187","targetHints":{"allow":["GET"]}}],"collection":[{"href":"https:\/\/www.feuerwehr-riedrode.de\/wordpress\/wp-json\/wp\/v2\/pages"}],"about":[{"href":"https:\/\/www.feuerwehr-riedrode.de\/wordpress\/wp-json\/wp\/v2\/types\/page"}],"author":[{"embeddable":true,"href":"https:\/\/www.feuerwehr-riedrode.de\/wordpress\/wp-json\/wp\/v2\/users\/6"}],"replies":[{"embeddable":true,"href":"https:\/\/www.feuerwehr-riedrode.de\/wordpress\/wp-json\/wp\/v2\/comments?post=187"}],"version-history":[{"count":3,"href":"https:\/\/www.feuerwehr-riedrode.de\/wordpress\/wp-json\/wp\/v2\/pages\/187\/revisions"}],"predecessor-version":[{"id":193,"href":"https:\/\/www.feuerwehr-riedrode.de\/wordpress\/wp-json\/wp\/v2\/pages\/187\/revisions\/193"}],"wp:attachment":[{"href":"https:\/\/www.feuerwehr-riedrode.de\/wordpress\/wp-json\/wp\/v2\/media?parent=187"}],"curies":[{"name":"wp","href":"https:\/\/api.w.org\/{rel}","templated":true}]}}